{"id":159,"date":"2026-03-23T13:15:18","date_gmt":"2026-03-23T12:15:18","guid":{"rendered":"https:\/\/site12.monsitecommeunpro.fr\/?page_id=159"},"modified":"2026-03-23T14:47:11","modified_gmt":"2026-03-23T13:47:11","slug":"sejour-aux-gorges","status":"publish","type":"page","link":"https:\/\/site12.monsitecommeunpro.fr\/?page_id=159","title":{"rendered":"S\u00c9JOUR AUX GORGES"},"content":{"rendered":"\n<p class=\"has-text-align-center has-ast-global-color-5-color has-text-color has-link-color wp-elements-7d5f31606907daa2f38c1c9585a27e92\"><br><\/p>\n\n\n\n<p><\/p>\n\n\n\n<p><\/p>\n\n\n\n<p class=\"has-text-align-center has-ast-global-color-5-color has-text-color has-link-color wp-elements-c51b2f9670ed8fad5e5e5f0986ca815f\">\u00c0 l\u2019occasion du week-end de l\u2019Ascension, nous vous proposons un s\u00e9jour exceptionnel de 4 jours au c\u0153ur des Gorges du Verdon. Durant cette p\u00e9riode, profitez d\u2019un moment sportif et convivial dans un cadre naturel spectaculaire. Ce s\u00e9jour est ouvert \u00e0 tous les niveaux et permet de d\u00e9couvrir les plus beaux sentiers du Verdon.<\/p>\n\n\n\n<p class=\"has-text-align-center has-ast-global-color-5-color has-text-color has-link-color wp-elements-7f66ee2000a3f97595faa51ae00d24d0\">Trois programmes sont propos\u00e9s afin de s\u2019adapter \u00e0 chacun :<\/p>\n\n\n\n<div class=\"wp-block-uagb-icon-list uagb-block-a343b7c6\"><div class=\"uagb-icon-list__wrap\">\n<div class=\"wp-block-uagb-icon-list-child uagb-block-ba9ff47f\"><span class=\"uagb-icon-list__source-wrap\"><svg xmlns=\"https:\/\/www.w3.org\/2000\/svg\" viewBox=\"0 0 512 512\"><path d=\"M256 0C114.6 0 0 114.6 0 256c0 141.4 114.6 256 256 256s256-114.6 256-256C512 114.6 397.4 0 256 0zM406.6 278.6l-103.1 103.1c-12.5 12.5-32.75 12.5-45.25 0s-12.5-32.75 0-45.25L306.8 288H128C110.3 288 96 273.7 96 256s14.31-32 32-32h178.8l-49.38-49.38c-12.5-12.5-12.5-32.75 0-45.25s32.75-12.5 45.25 0l103.1 103.1C414.6 241.3 416 251.1 416 256C416 260.9 414.6 270.7 406.6 278.6z\"><\/path><\/svg><\/span><span class=\"uagb-icon-list__label\">Programme expert : Sentier de l\u2019Imbut<\/span><\/div>\n\n\n\n<div class=\"wp-block-uagb-icon-list-child uagb-block-e00c1cc8\"><span class=\"uagb-icon-list__source-wrap\"><svg xmlns=\"https:\/\/www.w3.org\/2000\/svg\" viewBox=\"0 0 512 512\"><path d=\"M256 0C114.6 0 0 114.6 0 256c0 141.4 114.6 256 256 256s256-114.6 256-256C512 114.6 397.4 0 256 0zM406.6 278.6l-103.1 103.1c-12.5 12.5-32.75 12.5-45.25 0s-12.5-32.75 0-45.25L306.8 288H128C110.3 288 96 273.7 96 256s14.31-32 32-32h178.8l-49.38-49.38c-12.5-12.5-12.5-32.75 0-45.25s32.75-12.5 45.25 0l103.1 103.1C414.6 241.3 416 251.1 416 256C416 260.9 414.6 270.7 406.6 278.6z\"><\/path><\/svg><\/span><span class=\"uagb-icon-list__label\">Programme d\u00e9butant : Sentier Blanc-Martel<\/span><\/div>\n\n\n\n<div class=\"wp-block-uagb-icon-list-child uagb-block-ee0e8cfe\"><span class=\"uagb-icon-list__source-wrap\"><svg xmlns=\"https:\/\/www.w3.org\/2000\/svg\" viewBox=\"0 0 512 512\"><path d=\"M256 0C114.6 0 0 114.6 0 256c0 141.4 114.6 256 256 256s256-114.6 256-256C512 114.6 397.4 0 256 0zM406.6 278.6l-103.1 103.1c-12.5 12.5-32.75 12.5-45.25 0s-12.5-32.75 0-45.25L306.8 288H128C110.3 288 96 273.7 96 256s14.31-32 32-32h178.8l-49.38-49.38c-12.5-12.5-12.5-32.75 0-45.25s32.75-12.5 45.25 0l103.1 103.1C414.6 241.3 416 251.1 416 256C416 260.9 414.6 270.7 406.6 278.6z\"><\/path><\/svg><\/span><span class=\"uagb-icon-list__label\">Programme loisir : Sentier Vidal<\/span><\/div>\n<\/div><\/div>\n\n\n\n<div class=\"wp-block-media-text is-stacked-on-mobile\" style=\"grid-template-columns:40% auto\"><figure class=\"wp-block-media-text__media\"><img loading=\"lazy\" decoding=\"async\" width=\"547\" height=\"683\" src=\"https:\/\/site12.monsitecommeunpro.fr\/wp-content\/uploads\/2026\/03\/IMG_3699.jpeg\" alt=\"\" class=\"wp-image-164 size-full\" srcset=\"https:\/\/site12.monsitecommeunpro.fr\/wp-content\/uploads\/2026\/03\/IMG_3699.jpeg 547w, https:\/\/site12.monsitecommeunpro.fr\/wp-content\/uploads\/2026\/03\/IMG_3699-240x300.jpeg 240w\" sizes=\"auto, (max-width: 547px) 100vw, 547px\" \/><\/figure><div class=\"wp-block-media-text__content\">\n<p class=\"has-text-align-center has-ast-global-color-5-color has-text-color has-link-color has-medium-font-size wp-elements-3573807943c88ff71a399b563efc98dd\">Expert : <\/p>\n\n\n\n<p class=\"has-text-align-center has-ast-global-color-5-color has-text-color has-link-color wp-elements-962340f704efa3175523c4b6ca8c6607\">Sentier de l&rsquo;Imbut Le sentier de l&rsquo;Imbut, situ\u00e9 au c\u0153ur des Gorges du Verdon, est l&rsquo;un des parcours les plus connus du canyon. Son nom vient d&rsquo;un mot proven\u00e7al signifiant \u00ab entonnoir \u00bb, en r\u00e9f\u00e9rence \u00e0 l&rsquo;\u00e9troitesse extr\u00eame de la gorge o\u00f9 la rivi\u00e8re dispara\u00eet parfois sous les blocs rocheux. Le chemin d\u00e9bute en g\u00e9n\u00e9ral au parking des Cavaliers, d&rsquo;o\u00f9 l&rsquo;on descend vers le Verdon avant de longer la rive gauche sur un itin\u00e9raire sauvage, encaiss\u00e9 et tr\u00e8s min\u00e9ral.<\/p>\n<\/div><\/div>\n\n\n\n<div class=\"wp-block-media-text has-media-on-the-right is-stacked-on-mobile\"><div class=\"wp-block-media-text__content\">\n<p class=\"has-text-align-center has-ast-global-color-5-color has-text-color has-link-color has-medium-font-size wp-elements-a6768463aeefb4d54f14a0e658a79937\">D\u00e9butant : <\/p>\n\n\n\n<p class=\"has-text-align-center has-ast-global-color-5-color has-text-color has-link-color wp-elements-a70612464be277b407c1559ba5dba7ab\">Sentier Blanc Martel II relie le Chalet de la Maline (pr\u00e8s de La Palud-sur-Verdon) au Point Sublime (ou au village de Rougon selon l&rsquo;option) : c&rsquo;est un aller simple d&rsquo;environ 15 \u00e0 16 km. L&rsquo;acc\u00e8s s&rsquo;effectue depuis La Palud-sur-Verdon, via le Chalet de la Maline \u2014 en voiture ou en navette (navette assur\u00e9e d&rsquo;avril \u00e0 novembre). Ce sentier s&rsquo;enfonce dans le canyon, alternant falaises, tunnels, passages \u00e9troits, escaliers: il fournit un acc\u00e8s direct spectaculaire au Verdon.<\/p>\n<\/div><figure class=\"wp-block-media-text__media\"><img loading=\"lazy\" decoding=\"async\" width=\"1024\" height=\"682\" src=\"https:\/\/site12.monsitecommeunpro.fr\/wp-content\/uploads\/2026\/03\/IMG_3700-1024x682.jpeg\" alt=\"\" class=\"wp-image-168 size-full\" srcset=\"https:\/\/site12.monsitecommeunpro.fr\/wp-content\/uploads\/2026\/03\/IMG_3700-1024x682.jpeg 1024w, https:\/\/site12.monsitecommeunpro.fr\/wp-content\/uploads\/2026\/03\/IMG_3700-300x200.jpeg 300w, https:\/\/site12.monsitecommeunpro.fr\/wp-content\/uploads\/2026\/03\/IMG_3700-768x512.jpeg 768w, https:\/\/site12.monsitecommeunpro.fr\/wp-content\/uploads\/2026\/03\/IMG_3700-1536x1024.jpeg 1536w, https:\/\/site12.monsitecommeunpro.fr\/wp-content\/uploads\/2026\/03\/IMG_3700.jpeg 2000w\" sizes=\"auto, (max-width: 1024px) 100vw, 1024px\" \/><\/figure><\/div>\n\n\n\n<div class=\"wp-block-media-text is-stacked-on-mobile\"><figure class=\"wp-block-media-text__media\"><img loading=\"lazy\" decoding=\"async\" width=\"1024\" height=\"768\" src=\"https:\/\/site12.monsitecommeunpro.fr\/wp-content\/uploads\/2026\/03\/IMG_3701-1024x768.jpeg\" alt=\"\" class=\"wp-image-171 size-full\" srcset=\"https:\/\/site12.monsitecommeunpro.fr\/wp-content\/uploads\/2026\/03\/IMG_3701-1024x768.jpeg 1024w, https:\/\/site12.monsitecommeunpro.fr\/wp-content\/uploads\/2026\/03\/IMG_3701-300x225.jpeg 300w, https:\/\/site12.monsitecommeunpro.fr\/wp-content\/uploads\/2026\/03\/IMG_3701-768x576.jpeg 768w, https:\/\/site12.monsitecommeunpro.fr\/wp-content\/uploads\/2026\/03\/IMG_3701-1536x1152.jpeg 1536w, https:\/\/site12.monsitecommeunpro.fr\/wp-content\/uploads\/2026\/03\/IMG_3701.jpeg 1706w\" sizes=\"auto, (max-width: 1024px) 100vw, 1024px\" \/><\/figure><div class=\"wp-block-media-text__content\">\n<p class=\"has-text-align-center has-ast-global-color-5-color has-text-color has-link-color has-medium-font-size wp-elements-05406d142ae1953d5ae48291720fbb81\">Loisir : <\/p>\n\n\n\n<p class=\"has-text-align-center has-ast-global-color-5-color has-text-color has-link-color wp-elements-85c7d36e4ae194bbacf2c46a7e970a6e\">Sentier Vidal Le Sentier Vidal est une voie d&rsquo;acc\u00e8s \/ de sortie du canyon du Verdon, qui rejoint le Sentier de l&rsquo;Imbut. Ce sentier porte le nom d&rsquo;un ing\u00e9nieur fran\u00e7ais ayant travaill\u00e9 aux am\u00e9nagements hydrologiques des Gorges au d\u00e9but du XX* si\u00e8cle. Historiquement, il aurait probablement \u00e9t\u00e9 utilis\u00e9 comme voie de secours pour acc\u00e9der aux zones de travail en cas d&rsquo;accident.<\/p>\n<\/div><\/div>\n\n\n\n<p><\/p>\n\n\n\n<p class=\"has-text-align-center has-ast-global-color-5-color has-text-color has-link-color wp-elements-1992f09a19a3a08450036064d3cfa193\">Cliquer sur ce bouton pour t\u00e9l\u00e9charger le formulaire<\/p>\n\n\n\n<div data-wp-interactive=\"core\/file\" class=\"wp-block-file\"><object data-wp-bind--hidden=\"!state.hasPdfPreview\" hidden class=\"wp-block-file__embed\" data=\"https:\/\/site12.monsitecommeunpro.fr\/wp-content\/uploads\/2026\/03\/bulletin-dinscription.pdf\" type=\"application\/pdf\" style=\"width:100%;height:600px\" aria-label=\"Contenu embarqu\u00e9 &lt;br&gt;&lt;br&gt;&lt;br&gt;.\"><\/object><a id=\"wp-block-file--media-e193b2e2-1c02-4401-9a78-7727326410cd\" href=\"https:\/\/site12.monsitecommeunpro.fr\/wp-content\/uploads\/2026\/03\/bulletin-dinscription.pdf\"><br><br><br><\/a><a href=\"https:\/\/site12.monsitecommeunpro.fr\/wp-content\/uploads\/2026\/03\/bulletin-dinscription.pdf\" class=\"wp-block-file__button wp-element-button\" download aria-describedby=\"wp-block-file--media-e193b2e2-1c02-4401-9a78-7727326410cd\">T\u00e9l\u00e9charger<\/a><\/div>\n\n\n\n<p class=\"has-text-align-center has-ast-global-color-5-color has-text-color has-link-color has-medium-font-size wp-elements-69636b6fbefc708e889512c4697fd043\">Voici la localisation des parcours <\/p>\n\n\n\t\t\t<div \n\t\t\tclass=\"wp-block-uagb-google-map uagb-google-map__wrap uagb-block-5efeecb7     \"\n\t\t\tstyle=\"\" >\n\t\t\t\t<embed\n\t\t\t\t\tclass=\"uagb-google-map__iframe\"\n\t\t\t\t\ttitle=\"Carte Google pour \"\n\t\t\t\t\tsrc=\"https:\/\/maps.google.com\/maps?q=Gorges%20du%20Verdon&#038;z=12&#038;hl=en&#038;t=m&#038;output=embed&#038;iwloc=near\"\n\t\t\t\t\twidth=\"640\"\n\t\t\t\t\theight=\"300\"\n\t\t\t\t\tloading=\"lazy\"\n\t\t\t\t><\/embed>\n\t\t\t<\/div>\n\t\t\t\n\n\n<p><\/p>\n","protected":false},"excerpt":{"rendered":"<p>\u00c0 l\u2019occasion du week-end de l\u2019Ascension, nous vous proposons un s\u00e9jour exceptionnel de 4 jours au c\u0153ur des Gorges du [&hellip;]<\/p>\n","protected":false},"author":1,"featured_media":0,"parent":0,"menu_order":0,"comment_status":"closed","ping_status":"closed","template":"","meta":{"_uag_custom_page_level_css":"","site-sidebar-layout":"default","site-content-layout":"","ast-site-content-layout":"default","site-content-style":"default","site-sidebar-style":"default","ast-global-header-display":"","ast-banner-title-visibility":"","ast-main-header-display":"","ast-hfb-above-header-display":"","ast-hfb-below-header-display":"","ast-hfb-mobile-header-display":"","site-post-title":"disabled","ast-breadcrumbs-content":"","ast-featured-img":"","footer-sml-layout":"","ast-disable-related-posts":"","theme-transparent-header-meta":"","adv-header-id-meta":"","stick-header-meta":"","header-above-stick-meta":"","header-main-stick-meta":"","header-below-stick-meta":"","astra-migrate-meta-layouts":"default","ast-page-background-enabled":"default","ast-page-background-meta":{"desktop":{"background-color":"var(--ast-global-color-5)","background-image":"","background-repeat":"repeat","background-position":"center center","background-size":"auto","background-attachment":"scroll","background-type":"","background-media":"","overlay-type":"","overlay-color":"","overlay-opacity":"","overlay-gradient":""},"tablet":{"background-color":"","background-image":"","background-repeat":"repeat","background-position":"center center","background-size":"auto","background-attachment":"scroll","background-type":"","background-media":"","overlay-type":"","overlay-color":"","overlay-opacity":"","overlay-gradient":""},"mobile":{"background-color":"","background-image":"","background-repeat":"repeat","background-position":"center center","background-size":"auto","background-attachment":"scroll","background-type":"","background-media":"","overlay-type":"","overlay-color":"","overlay-opacity":"","overlay-gradient":""}},"ast-content-background-meta":{"desktop":{"background-color":"var(--ast-global-color-4)","background-image":"","background-repeat":"repeat","background-position":"center center","background-size":"auto","background-attachment":"scroll","background-type":"","background-media":"","overlay-type":"","overlay-color":"","overlay-opacity":"","overlay-gradient":""},"tablet":{"background-color":"var(--ast-global-color-4)","background-image":"","background-repeat":"repeat","background-position":"center center","background-size":"auto","background-attachment":"scroll","background-type":"","background-media":"","overlay-type":"","overlay-color":"","overlay-opacity":"","overlay-gradient":""},"mobile":{"background-color":"var(--ast-global-color-4)","background-image":"","background-repeat":"repeat","background-position":"center center","background-size":"auto","background-attachment":"scroll","background-type":"","background-media":"","overlay-type":"","overlay-color":"","overlay-opacity":"","overlay-gradient":""}},"footnotes":""},"class_list":["post-159","page","type-page","status-publish","hentry"],"yoast_head":"<!-- This site is optimized with the Yoast SEO plugin v27.4 - https:\/\/yoast.com\/product\/yoast-seo-wordpress\/ -->\n<title>S\u00c9JOUR AUX GORGES - Maison B<\/title>\n<meta name=\"robots\" content=\"index, follow, max-snippet:-1, max-image-preview:large, max-video-preview:-1\" \/>\n<link rel=\"canonical\" href=\"https:\/\/site12.monsitecommeunpro.fr\/?page_id=159\" \/>\n<meta property=\"og:locale\" content=\"fr_FR\" \/>\n<meta property=\"og:type\" content=\"article\" \/>\n<meta property=\"og:title\" content=\"S\u00c9JOUR AUX GORGES - Maison B\" \/>\n<meta property=\"og:description\" content=\"\u00c0 l\u2019occasion du week-end de l\u2019Ascension, nous vous proposons un s\u00e9jour exceptionnel de 4 jours au c\u0153ur des Gorges du [&hellip;]\" \/>\n<meta property=\"og:url\" content=\"https:\/\/site12.monsitecommeunpro.fr\/?page_id=159\" \/>\n<meta property=\"og:site_name\" content=\"Maison B\" \/>\n<meta property=\"article:modified_time\" content=\"2026-03-23T13:47:11+00:00\" \/>\n<meta property=\"og:image\" content=\"https:\/\/site12.monsitecommeunpro.fr\/wp-content\/uploads\/2026\/03\/IMG_3699.jpeg\" \/>\n\t<meta property=\"og:image:width\" content=\"547\" \/>\n\t<meta property=\"og:image:height\" content=\"683\" \/>\n\t<meta property=\"og:image:type\" content=\"image\/jpeg\" \/>\n<meta name=\"twitter:card\" content=\"summary_large_image\" \/>\n<meta name=\"twitter:label1\" content=\"Dur\u00e9e de lecture estim\u00e9e\" \/>\n\t<meta name=\"twitter:data1\" content=\"2 minutes\" \/>\n<script type=\"application\/ld+json\" class=\"yoast-schema-graph\">{\"@context\":\"https:\\\/\\\/schema.org\",\"@graph\":[{\"@type\":\"WebPage\",\"@id\":\"https:\\\/\\\/site12.monsitecommeunpro.fr\\\/?page_id=159\",\"url\":\"https:\\\/\\\/site12.monsitecommeunpro.fr\\\/?page_id=159\",\"name\":\"S\u00c9JOUR AUX GORGES - Maison B\",\"isPartOf\":{\"@id\":\"https:\\\/\\\/site12.monsitecommeunpro.fr\\\/#website\"},\"primaryImageOfPage\":{\"@id\":\"https:\\\/\\\/site12.monsitecommeunpro.fr\\\/?page_id=159#primaryimage\"},\"image\":{\"@id\":\"https:\\\/\\\/site12.monsitecommeunpro.fr\\\/?page_id=159#primaryimage\"},\"thumbnailUrl\":\"https:\\\/\\\/site12.monsitecommeunpro.fr\\\/wp-content\\\/uploads\\\/2026\\\/03\\\/IMG_3699.jpeg\",\"datePublished\":\"2026-03-23T12:15:18+00:00\",\"dateModified\":\"2026-03-23T13:47:11+00:00\",\"breadcrumb\":{\"@id\":\"https:\\\/\\\/site12.monsitecommeunpro.fr\\\/?page_id=159#breadcrumb\"},\"inLanguage\":\"fr-FR\",\"potentialAction\":[{\"@type\":\"ReadAction\",\"target\":[\"https:\\\/\\\/site12.monsitecommeunpro.fr\\\/?page_id=159\"]}]},{\"@type\":\"ImageObject\",\"inLanguage\":\"fr-FR\",\"@id\":\"https:\\\/\\\/site12.monsitecommeunpro.fr\\\/?page_id=159#primaryimage\",\"url\":\"https:\\\/\\\/site12.monsitecommeunpro.fr\\\/wp-content\\\/uploads\\\/2026\\\/03\\\/IMG_3699.jpeg\",\"contentUrl\":\"https:\\\/\\\/site12.monsitecommeunpro.fr\\\/wp-content\\\/uploads\\\/2026\\\/03\\\/IMG_3699.jpeg\",\"width\":547,\"height\":683},{\"@type\":\"BreadcrumbList\",\"@id\":\"https:\\\/\\\/site12.monsitecommeunpro.fr\\\/?page_id=159#breadcrumb\",\"itemListElement\":[{\"@type\":\"ListItem\",\"position\":1,\"name\":\"Accueil\",\"item\":\"https:\\\/\\\/site12.monsitecommeunpro.fr\\\/\"},{\"@type\":\"ListItem\",\"position\":2,\"name\":\"S\u00c9JOUR AUX GORGES\"}]},{\"@type\":\"WebSite\",\"@id\":\"https:\\\/\\\/site12.monsitecommeunpro.fr\\\/#website\",\"url\":\"https:\\\/\\\/site12.monsitecommeunpro.fr\\\/\",\"name\":\"Maison B\",\"description\":\"\",\"publisher\":{\"@id\":\"https:\\\/\\\/site12.monsitecommeunpro.fr\\\/#organization\"},\"potentialAction\":[{\"@type\":\"SearchAction\",\"target\":{\"@type\":\"EntryPoint\",\"urlTemplate\":\"https:\\\/\\\/site12.monsitecommeunpro.fr\\\/?s={search_term_string}\"},\"query-input\":{\"@type\":\"PropertyValueSpecification\",\"valueRequired\":true,\"valueName\":\"search_term_string\"}}],\"inLanguage\":\"fr-FR\"},{\"@type\":\"Organization\",\"@id\":\"https:\\\/\\\/site12.monsitecommeunpro.fr\\\/#organization\",\"name\":\"Maison B\",\"url\":\"https:\\\/\\\/site12.monsitecommeunpro.fr\\\/\",\"logo\":{\"@type\":\"ImageObject\",\"inLanguage\":\"fr-FR\",\"@id\":\"https:\\\/\\\/site12.monsitecommeunpro.fr\\\/#\\\/schema\\\/logo\\\/image\\\/\",\"url\":\"https:\\\/\\\/site12.monsitecommeunpro.fr\\\/wp-content\\\/uploads\\\/2026\\\/03\\\/cropped-IMG_3597-1.jpeg\",\"contentUrl\":\"https:\\\/\\\/site12.monsitecommeunpro.fr\\\/wp-content\\\/uploads\\\/2026\\\/03\\\/cropped-IMG_3597-1.jpeg\",\"width\":802,\"height\":619,\"caption\":\"Maison B\"},\"image\":{\"@id\":\"https:\\\/\\\/site12.monsitecommeunpro.fr\\\/#\\\/schema\\\/logo\\\/image\\\/\"}}]}<\/script>\n<!-- \/ Yoast SEO plugin. -->","yoast_head_json":{"title":"S\u00c9JOUR AUX GORGES - Maison B","robots":{"index":"index","follow":"follow","max-snippet":"max-snippet:-1","max-image-preview":"max-image-preview:large","max-video-preview":"max-video-preview:-1"},"canonical":"https:\/\/site12.monsitecommeunpro.fr\/?page_id=159","og_locale":"fr_FR","og_type":"article","og_title":"S\u00c9JOUR AUX GORGES - Maison B","og_description":"\u00c0 l\u2019occasion du week-end de l\u2019Ascension, nous vous proposons un s\u00e9jour exceptionnel de 4 jours au c\u0153ur des Gorges du [&hellip;]","og_url":"https:\/\/site12.monsitecommeunpro.fr\/?page_id=159","og_site_name":"Maison B","article_modified_time":"2026-03-23T13:47:11+00:00","og_image":[{"width":547,"height":683,"url":"https:\/\/site12.monsitecommeunpro.fr\/wp-content\/uploads\/2026\/03\/IMG_3699.jpeg","type":"image\/jpeg"}],"twitter_card":"summary_large_image","twitter_misc":{"Dur\u00e9e de lecture estim\u00e9e":"2 minutes"},"schema":{"@context":"https:\/\/schema.org","@graph":[{"@type":"WebPage","@id":"https:\/\/site12.monsitecommeunpro.fr\/?page_id=159","url":"https:\/\/site12.monsitecommeunpro.fr\/?page_id=159","name":"S\u00c9JOUR AUX GORGES - Maison B","isPartOf":{"@id":"https:\/\/site12.monsitecommeunpro.fr\/#website"},"primaryImageOfPage":{"@id":"https:\/\/site12.monsitecommeunpro.fr\/?page_id=159#primaryimage"},"image":{"@id":"https:\/\/site12.monsitecommeunpro.fr\/?page_id=159#primaryimage"},"thumbnailUrl":"https:\/\/site12.monsitecommeunpro.fr\/wp-content\/uploads\/2026\/03\/IMG_3699.jpeg","datePublished":"2026-03-23T12:15:18+00:00","dateModified":"2026-03-23T13:47:11+00:00","breadcrumb":{"@id":"https:\/\/site12.monsitecommeunpro.fr\/?page_id=159#breadcrumb"},"inLanguage":"fr-FR","potentialAction":[{"@type":"ReadAction","target":["https:\/\/site12.monsitecommeunpro.fr\/?page_id=159"]}]},{"@type":"ImageObject","inLanguage":"fr-FR","@id":"https:\/\/site12.monsitecommeunpro.fr\/?page_id=159#primaryimage","url":"https:\/\/site12.monsitecommeunpro.fr\/wp-content\/uploads\/2026\/03\/IMG_3699.jpeg","contentUrl":"https:\/\/site12.monsitecommeunpro.fr\/wp-content\/uploads\/2026\/03\/IMG_3699.jpeg","width":547,"height":683},{"@type":"BreadcrumbList","@id":"https:\/\/site12.monsitecommeunpro.fr\/?page_id=159#breadcrumb","itemListElement":[{"@type":"ListItem","position":1,"name":"Accueil","item":"https:\/\/site12.monsitecommeunpro.fr\/"},{"@type":"ListItem","position":2,"name":"S\u00c9JOUR AUX GORGES"}]},{"@type":"WebSite","@id":"https:\/\/site12.monsitecommeunpro.fr\/#website","url":"https:\/\/site12.monsitecommeunpro.fr\/","name":"Maison B","description":"","publisher":{"@id":"https:\/\/site12.monsitecommeunpro.fr\/#organization"},"potentialAction":[{"@type":"SearchAction","target":{"@type":"EntryPoint","urlTemplate":"https:\/\/site12.monsitecommeunpro.fr\/?s={search_term_string}"},"query-input":{"@type":"PropertyValueSpecification","valueRequired":true,"valueName":"search_term_string"}}],"inLanguage":"fr-FR"},{"@type":"Organization","@id":"https:\/\/site12.monsitecommeunpro.fr\/#organization","name":"Maison B","url":"https:\/\/site12.monsitecommeunpro.fr\/","logo":{"@type":"ImageObject","inLanguage":"fr-FR","@id":"https:\/\/site12.monsitecommeunpro.fr\/#\/schema\/logo\/image\/","url":"https:\/\/site12.monsitecommeunpro.fr\/wp-content\/uploads\/2026\/03\/cropped-IMG_3597-1.jpeg","contentUrl":"https:\/\/site12.monsitecommeunpro.fr\/wp-content\/uploads\/2026\/03\/cropped-IMG_3597-1.jpeg","width":802,"height":619,"caption":"Maison B"},"image":{"@id":"https:\/\/site12.monsitecommeunpro.fr\/#\/schema\/logo\/image\/"}}]}},"uagb_featured_image_src":{"full":false,"thumbnail":false,"medium":false,"medium_large":false,"large":false,"1536x1536":false,"2048x2048":false},"uagb_author_info":{"display_name":"admin","author_link":"https:\/\/site12.monsitecommeunpro.fr\/?author=1"},"uagb_comment_info":0,"uagb_excerpt":"\u00c0 l\u2019occasion du week-end de l\u2019Ascension, nous vous proposons un s\u00e9jour exceptionnel de 4 jours au c\u0153ur des Gorges du [&hellip;]","_links":{"self":[{"href":"https:\/\/site12.monsitecommeunpro.fr\/index.php?rest_route=\/wp\/v2\/pages\/159","targetHints":{"allow":["GET"]}}],"collection":[{"href":"https:\/\/site12.monsitecommeunpro.fr\/index.php?rest_route=\/wp\/v2\/pages"}],"about":[{"href":"https:\/\/site12.monsitecommeunpro.fr\/index.php?rest_route=\/wp\/v2\/types\/page"}],"author":[{"embeddable":true,"href":"https:\/\/site12.monsitecommeunpro.fr\/index.php?rest_route=\/wp\/v2\/users\/1"}],"replies":[{"embeddable":true,"href":"https:\/\/site12.monsitecommeunpro.fr\/index.php?rest_route=%2Fwp%2Fv2%2Fcomments&post=159"}],"version-history":[{"count":14,"href":"https:\/\/site12.monsitecommeunpro.fr\/index.php?rest_route=\/wp\/v2\/pages\/159\/revisions"}],"predecessor-version":[{"id":205,"href":"https:\/\/site12.monsitecommeunpro.fr\/index.php?rest_route=\/wp\/v2\/pages\/159\/revisions\/205"}],"wp:attachment":[{"href":"https:\/\/site12.monsitecommeunpro.fr\/index.php?rest_route=%2Fwp%2Fv2%2Fmedia&parent=159"}],"curies":[{"name":"wp","href":"https:\/\/api.w.org\/{rel}","templated":true}]}}